{"id":38354,"date":"2024-01-22T13:53:29","date_gmt":"2024-01-22T12:53:29","guid":{"rendered":"https:\/\/ilovehandbags.com\/?post_type=product&#038;p=38354"},"modified":"2024-10-01T11:14:19","modified_gmt":"2024-10-01T09:14:19","slug":"louis-vuitton-luggage-tag-kofferanhaenger-taschenanhaenger-schwarz","status":"publish","type":"product","link":"https:\/\/ilovehandbags.com\/de\/louis-vuitton-luggage-tag-kofferanhaenger-taschenanhaenger-schwarz\/","title":{"rendered":"Louis Vuitton Luggage Tag Kofferanh\u00e4nger Taschenanh\u00e4nger Schwarz"},"content":{"rendered":"","protected":false},"excerpt":{"rendered":"<p>Dieser exquisite Louis Vuitton Luggage Tag ist nicht nur ein stilvoller Taschenanh\u00e4nger, sondern auch perfekt als Adressanh\u00e4nger f\u00fcr die Keepall oder deine Lieblingshandtasche geeignet.<\/p>\n","protected":false},"featured_media":38366,"template":"","meta":{"_uag_custom_page_level_css":"","site-sidebar-layout":"default","site-content-layout":"default","ast-site-content-layout":"default","site-content-style":"default","site-sidebar-style":"default","ast-global-header-display":"","ast-banner-title-visibility":"","ast-main-header-display":"","ast-hfb-above-header-display":"","ast-hfb-below-header-display":"","ast-hfb-mobile-header-display":"","site-post-title":"","ast-breadcrumbs-content":"","ast-featured-img":"","footer-sml-layout":"","ast-disable-related-posts":"","theme-transparent-header-meta":"default","adv-header-id-meta":"","stick-header-meta":"default","header-above-stick-meta":"","header-main-stick-meta":"","header-below-stick-meta":"","astra-migrate-meta-layouts":"set","ast-page-background-enabled":"default","ast-page-background-meta":{"desktop":{"background-color":"var(--ast-global-color-4)","background-image":"","background-repeat":"repeat","background-position":"center center","background-size":"auto","background-attachment":"scroll","background-type":"","background-media":"","overlay-type":"","overlay-color":"","overlay-opacity":"","overlay-gradient":""},"tablet":{"background-color":"","background-image":"","background-repeat":"repeat","background-position":"center center","background-size":"auto","background-attachment":"scroll","background-type":"","background-media":"","overlay-type":"","overlay-color":"","overlay-opacity":"","overlay-gradient":""},"mobile":{"background-color":"","background-image":"","background-repeat":"repeat","background-position":"center center","background-size":"auto","background-attachment":"scroll","background-type":"","background-media":"","overlay-type":"","overlay-color":"","overlay-opacity":"","overlay-gradient":""}},"ast-content-background-meta":{"desktop":{"background-color":"var(--ast-global-color-5)","background-image":"","background-repeat":"repeat","background-position":"center center","background-size":"auto","background-attachment":"scroll","background-type":"","background-media":"","overlay-type":"","overlay-color":"","overlay-opacity":"","overlay-gradient":""},"tablet":{"background-color":"var(--ast-global-color-5)","background-image":"","background-repeat":"repeat","background-position":"center center","background-size":"auto","background-attachment":"scroll","background-type":"","background-media":"","overlay-type":"","overlay-color":"","overlay-opacity":"","overlay-gradient":""},"mobile":{"background-color":"var(--ast-global-color-5)","background-image":"","background-repeat":"repeat","background-position":"center center","background-size":"auto","background-attachment":"scroll","background-type":"","background-media":"","overlay-type":"","overlay-color":"","overlay-opacity":"","overlay-gradient":""}},"_glsr_average":0,"_glsr_ranking":0,"_glsr_reviews":0},"product_brand":[],"product_cat":[239,195,449,206],"product_tag":[214,461,460,278],"class_list":{"0":"post-38354","1":"product","2":"type-product","3":"status-publish","4":"has-post-thumbnail","6":"product_cat-louis-vuitton","7":"product_cat-taschenschmuck","8":"product_cat-bald-wieder-da","9":"product_cat-zubehoer","10":"product_tag-louis-vuitton","11":"product_tag-louis-vuitton-kofferanhaenger","12":"product_tag-louis-vuitton-luggage-tag","13":"product_tag-louis-vuitton-taschenanhaenger","14":"desktop-align-left","15":"tablet-align-left","16":"mobile-align-left","17":"ast-product-gallery-layout-first-image-large","18":"ast-magnify-disabled","19":"ast-product-tabs-layout-accordion","21":"first","22":"outofstock","23":"sold-individually","24":"taxable","25":"shipping-taxable","26":"purchasable","27":"product-type-simple"},"spectra_custom_meta":{"_sku":["P3-0406-05"],"_regular_price":["70"],"total_sales":["1"],"_tax_status":["taxable"],"_tax_class":[""],"_manage_stock":["yes"],"_backorders":["no"],"_sold_individually":["yes"],"_virtual":["no"],"_downloadable":["no"],"_product_image_gallery":["38364,38362,38358,38360,38356"],"_download_limit":["-1"],"_download_expiry":["-1"],"_thumbnail_id":["38366"],"_stock":["0"],"_stock_status":["outofstock"],"_wc_average_rating":[0],"_wc_review_count":["0"],"_product_attributes":["a:3:{s:8:\"pa_brand\";a:7:{s:4:\"name\";s:8:\"pa_brand\";s:5:\"value\";s:0:\"\";s:8:\"position\";i:1;s:10:\"is_visible\";i:0;s:12:\"is_variation\";i:1;s:11:\"is_taxonomy\";i:1;s:16:\"checkout_visible\";i:0;}s:8:\"pa_color\";a:7:{s:4:\"name\";s:8:\"pa_color\";s:5:\"value\";s:0:\"\";s:8:\"position\";i:2;s:10:\"is_visible\";i:0;s:12:\"is_variation\";i:1;s:11:\"is_taxonomy\";i:1;s:16:\"checkout_visible\";i:0;}s:9:\"pa_gender\";a:7:{s:4:\"name\";s:9:\"pa_gender\";s:5:\"value\";s:0:\"\";s:8:\"position\";i:3;s:10:\"is_visible\";i:0;s:12:\"is_variation\";i:1;s:11:\"is_taxonomy\";i:1;s:16:\"checkout_visible\";i:0;}}"],"_product_version":["9.3.3"],"_price":["70"],"_wpml_media_featured":["1","1","1","1","1","1","1","1","1","1","1","1","1","1","1","1","1","1"],"_wpml_media_duplicate":["1","1","1","1","1","1","1","1","1","1","1","1","1","1","1","1","1","1"],"_wpml_word_count":["{\"total\":49,\"to_translate\":{\"en\":49}}"],"_wpml_location_migration_done":["1"],"_fusion":["a:3:{s:17:\"slider_visibility\";s:51:\"small-visibility,medium-visibility,large-visibility\";s:11:\"slider_type\";s:2:\"no\";s:9:\"wooslider\";s:1:\"0\";}"],"rank_math_seo_score":["75"],"rank_math_focus_keyword":["Louis Vuitton Luggage Tag"],"_purchase_price_field":["29,50"],"_internal_warehouse_number_field":["2023-0406"],"_gdrive_field":["https:\/\/drive.google.com\/drive\/u\/1\/folders\/1RA5cUFuNQSkXaDm62jGHrdpZx0a76IDu"],"_unit":[""],"_unit_base":[""],"_unit_product":[""],"_unit_price_auto":["no"],"_unit_price_regular":[""],"_unit_price":[""],"_unit_price_sale":[""],"_sale_price_label":[""],"_sale_price_regular_label":[""],"_mini_desc":["Louis Vuitton Luggage Tag Kofferanh\u00e4nger Taschenanh\u00e4nger Schwarz"],"_defect_description":[""],"_allergen_ids":["a:0:{}"],"_warranty_attachment_id":[""],"_min_age":[""],"_ts_gtin":[""],"_ts_mpn":[""],"_delivery_time_countries":["a:0:{}"],"_free_shipping":["no"],"_service":["no"],"_photovoltaic_system":["no"],"_used_good":["yes"],"_defective_copy":["no"],"_is_food":["no"],"_differential_taxation":["no"],"_gzd_version":["3.18.2"],"_hs_code":[""],"_manufacture_country":["0"],"_rank_math_gtin_code":[""],"_fusion_google_fonts":[""],"fusion_builder_status":["active"],"rank_math_primary_product_cat":["0"],"_wcml_custom_prices_status":["1"],"avada_post_views_count":["71"],"avada_today_post_views_count":["1"],"avada_post_views_count_today_date":["16-04-2023"],"_deposit_type":[""],"_nutrient_ids":["a:0:{}"],"_nutrient_reference_value":["100g"],"_ingredients":[""],"_nutri_score":[""],"_alcohol_content":[""],"_drained_weight":[""],"_net_filling_quantity":[""],"_food_distributor":[""],"_food_description":[""],"_food_place_of_origin":[""],"_deposit_quantity":[""],"yikes_woo_products_tabs":["a:2:{i:0;a:3:{s:5:\"title\";s:21:\"Weitere Informationen\";s:2:\"id\";s:21:\"weitere-informationen\";s:7:\"content\";s:181:\"<strong>Material: <\/strong>Schwarzes Epileder mit goldener Hardware\r\n<strong>Ma\u00dfe: <\/strong>5 x 8,5 x 0,3 cm\r\n<strong>Lieferumfang:<\/strong> I Love Handbags Staubbeutel und Poignet\";}i:1;a:3:{s:5:\"title\";s:7:\"Zustand\";s:2:\"id\";s:7:\"zustand\";s:7:\"content\";s:85:\"<strong>Gesamtzustand:<\/strong> gut\r\n<strong>Leder:<\/strong> mittlere Gebrauchsspuren\";}}"],"site-sidebar-layout":["default"],"site-content-layout":["default"],"theme-transparent-header-meta":["default"],"stick-header-meta":["default"],"_pys_conversion_label_settings":["a:3:{s:6:\"enable\";b:0;s:5:\"label\";s:0:\"\";s:2:\"id\";s:14:\"AW-11184563350\";}"],"_pys_super_pack_cpt_url":[""],"_pys_super_pack_cpt_condition":["only"],"_pys_super_pack_cpt_cart":["hidden"],"_woosea_brand":[""],"_woosea_mpn":[""],"_woosea_upc":[""],"_woosea_ean":[""],"_woosea_gtin":[""],"_woosea_color":[""],"_woosea_size":[""],"_woosea_gender":[""],"_woosea_material":[""],"_woosea_pattern":[""],"_woosea_optimized_title":[""],"_woosea_unit_pricing_measure":[""],"_woosea_unit_pricing_base_measure":[""],"_woosea_condition":[""],"_woosea_age_group":["adult"],"_woosea_installment_months":[""],"_woosea_installment_amount":[""],"_woosea_exclude_product":["no"],"_woosea_cost_of_good_sold":[""],"_woosea_multipack":[""],"_woosea_is_bundle":[""],"_woosea_energy_efficiency_class":[""],"_woosea_min_energy_efficiency_class":[""],"_woosea_max_energy_efficiency_class":[""],"_woosea_is_promotion":[""],"_woosea_custom_field_0":[""],"_woosea_custom_field_1":[""],"_woosea_custom_field_2":[""],"_woosea_custom_field_3":[""],"_woosea_custom_field_4":[""],"_pys_head_footer":["a:7:{s:14:\"disable_global\";b:0;s:8:\"head_any\";s:0:\"\";s:12:\"head_desktop\";s:0:\"\";s:11:\"head_mobile\";s:0:\"\";s:10:\"footer_any\";s:0:\"\";s:14:\"footer_desktop\";s:0:\"\";s:13:\"footer_mobile\";s:0:\"\";}"],"_sale_price_dates_to_USD":[""],"_sale_price_dates_from_USD":[""],"_sale_price_USD":[""],"_regular_price_USD":[""],"_wcml_schedule_USD":["0"],"_customs_description":[""],"_wp_old_date":["2023-06-11"],"_is_non_returnable":["no"],"_wpml_media_has_media":["1"],"litespeed_vpi_list_mobile":["a:2:{i:0;s:8:\"logo.png\";i:1;s:72:\"Louis-Vuitton-Luggage-Tag-Damier-Ebene-vorn-2023-0018-scaled-500x500.jpg\";}"],"litespeed_vpi_list":["a:3:{i:0;s:8:\"logo.png\";i:1;s:6:\"de.png\";i:2;s:72:\"Louis-Vuitton-Luggage-Tag-Damier-Ebene-vorn-2023-0018-scaled-500x500.jpg\";}"],"rank_math_robots":["a:1:{i:0;s:5:\"index\";}"],"_internal_date_code":["nicht vorhanden"],"_internal_product_origin":["Frankreich"],"_product_rating":["B"],"_custom_html_content":[""],"ast-site-content-layout":["default"],"site-content-style":["default"],"site-sidebar-style":["default"],"_sale_price_dates_to_CHF":[""],"_sale_price_dates_from_CHF":[""],"_sale_price_CHF":[""],"_regular_price_CHF":[""],"_wcml_schedule_CHF":["0"],"_sale_price_dates_to_GBP":[""],"_sale_price_dates_from_GBP":[""],"_sale_price_GBP":[""],"_regular_price_GBP":[""],"_wcml_schedule_GBP":["0"],"_wpml_post_translation_editor_native":["no"],"rank_math_contentai_score":["a:4:{s:9:\"wordCount\";s:4:\"1.05\";s:9:\"linkCount\";s:1:\"0\";s:12:\"headingCount\";s:1:\"0\";s:10:\"mediaCount\";s:5:\"26.67\";}"],"_not_in_inventory_checkbox":[""],"_edit_lock":["1727781335:4"],"_edit_last":["4"],"_customer_view":["14"],"_custom_view_last_updated":["2024-08-17 16:56:32"],"_izettle_image_lookup_key":["3kyncy1cEe-udXp3qLWasA-7eatqi1tEe-d3SSdBJ88kw"],"woocommerce_izettle_product_uuid":["edea87fa-2d6d-11ef-843e-353536383939"],"woocommerce_izettle_variant_uuid":["edeaa244-2d6d-11ef-a2de-353536383939"],"_izettle_updated":["1718926014"],"_izettle_barcode":["0290000383542"],"_izettle_product_etag":["8B85A6AA8FC52DC3C7525A299308DA12"],"_product_shipping_weight":["1kg"],"_izettle_nosync":[""],"_izettle_cost_price":[""],"_izettle_special_price":[""],"_izettle_product_name":[""],"_zettle_product_cat_id":[""],"_shipping_length":[""],"_shipping_width":[""],"_shipping_height":[""],"_manufacturer_slug":[""],"_safety_attachment_ids":["a:0:{}"],"_price_USD":[null],"_price_CHF":[null],"_price_GBP":[null],"_wcml_average_rating":[null],"_wcml_review_count":[null],"_wcml_rating_count":[null],"astra-migrate-meta-layouts":["set"],"copied_media_ids":["a:0:{}"],"referenced_media_ids":["a:6:{i:0;i:38366;i:1;i:38364;i:2;i:38362;i:3;i:38358;i:4;i:38360;i:5;i:38356;}"],"rank_math_analytic_object_id":["1847"],"_uag_page_assets":["a:9:{s:3:\"css\";s:0:\"\";s:2:\"js\";s:0:\"\";s:18:\"current_block_list\";a:6:{i:0;s:26:\"woocommerce\/filter-wrapper\";i:1;s:24:\"woocommerce\/price-filter\";i:2;s:30:\"woocommerce\/product-categories\";i:3;s:14:\"core\/paragraph\";i:4;s:14:\"core\/shortcode\";i:5;s:11:\"core\/search\";}s:8:\"uag_flag\";b:0;s:11:\"uag_version\";s:10:\"1777481675\";s:6:\"gfonts\";a:0:{}s:10:\"gfonts_url\";s:0:\"\";s:12:\"gfonts_files\";a:0:{}s:14:\"uag_faq_layout\";b:0;}"],"_wc_rating_count":[""]},"uagb_featured_image_src":{"full":["https:\/\/ilovehandbags.com\/wp-content\/uploads\/sites\/3\/Louis-Vuitton-Luggage-Tag-05-komplett-2023-0406-scaled.jpg",1920,2560,false],"thumbnail":["https:\/\/ilovehandbags.com\/wp-content\/uploads\/sites\/3\/Louis-Vuitton-Luggage-Tag-05-komplett-2023-0406-scaled-150x150.jpg",150,150,true],"medium":["https:\/\/ilovehandbags.com\/wp-content\/uploads\/sites\/3\/Louis-Vuitton-Luggage-Tag-05-komplett-2023-0406-scaled-300x300.jpg",300,300,true],"medium_large":["https:\/\/ilovehandbags.com\/wp-content\/uploads\/sites\/3\/Louis-Vuitton-Luggage-Tag-05-komplett-2023-0406-scaled-768x768.jpg",768,768,true],"large":["https:\/\/ilovehandbags.com\/wp-content\/uploads\/sites\/3\/Louis-Vuitton-Luggage-Tag-05-komplett-2023-0406-scaled-1024x1024.jpg",1024,1024,true],"1536x1536":["https:\/\/ilovehandbags.com\/wp-content\/uploads\/sites\/3\/Louis-Vuitton-Luggage-Tag-05-komplett-2023-0406-scaled.jpg",1152,1536,false],"2048x2048":["https:\/\/ilovehandbags.com\/wp-content\/uploads\/sites\/3\/Louis-Vuitton-Luggage-Tag-05-komplett-2023-0406-scaled.jpg",1536,2048,false],"woocommerce_thumbnail":["https:\/\/ilovehandbags.com\/wp-content\/uploads\/sites\/3\/Louis-Vuitton-Luggage-Tag-05-komplett-2023-0406-scaled-500x500.jpg",500,500,true],"woocommerce_single":["https:\/\/ilovehandbags.com\/wp-content\/uploads\/sites\/3\/Louis-Vuitton-Luggage-Tag-05-komplett-2023-0406-scaled-500x500.jpg",500,500,true],"woocommerce_gallery_thumbnail":["https:\/\/ilovehandbags.com\/wp-content\/uploads\/sites\/3\/Louis-Vuitton-Luggage-Tag-05-komplett-2023-0406-scaled-100x100.jpg",100,100,true]},"uagb_author_info":{"display_name":"ILoveHandbags","author_link":"https:\/\/ilovehandbags.com\/de\/author\/"},"uagb_comment_info":0,"uagb_excerpt":"Dieser exquisite Louis Vuitton Luggage Tag ist nicht nur ein stilvoller Taschenanh\u00e4nger, sondern auch perfekt als Adressanh\u00e4nger f\u00fcr die Keepall oder deine Lieblingshandtasche geeignet.","_links":{"self":[{"href":"https:\/\/ilovehandbags.com\/de\/wp-json\/wp\/v2\/product\/38354","targetHints":{"allow":["GET"]}}],"collection":[{"href":"https:\/\/ilovehandbags.com\/de\/wp-json\/wp\/v2\/product"}],"about":[{"href":"https:\/\/ilovehandbags.com\/de\/wp-json\/wp\/v2\/types\/product"}],"wp:featuredmedia":[{"embeddable":true,"href":"https:\/\/ilovehandbags.com\/de\/wp-json\/wp\/v2\/media\/38366"}],"wp:attachment":[{"href":"https:\/\/ilovehandbags.com\/de\/wp-json\/wp\/v2\/media?parent=38354"}],"wp:term":[{"taxonomy":"product_brand","embeddable":true,"href":"https:\/\/ilovehandbags.com\/de\/wp-json\/wp\/v2\/product_brand?post=38354"},{"taxonomy":"product_cat","embeddable":true,"href":"https:\/\/ilovehandbags.com\/de\/wp-json\/wp\/v2\/product_cat?post=38354"},{"taxonomy":"product_tag","embeddable":true,"href":"https:\/\/ilovehandbags.com\/de\/wp-json\/wp\/v2\/product_tag?post=38354"}],"curies":[{"name":"wp","href":"https:\/\/api.w.org\/{rel}","templated":true}]}}