{"id":74579,"date":"2026-01-21T10:36:18","date_gmt":"2026-01-21T09:36:18","guid":{"rendered":"https:\/\/ilovehandbags.com\/?post_type=product&#038;p=74579"},"modified":"2026-04-21T12:32:15","modified_gmt":"2026-04-21T10:32:15","slug":"prada-galleria-1098","status":"publish","type":"product","link":"https:\/\/ilovehandbags.com\/de\/prada-galleria-1098\/","title":{"rendered":"Prada Galleria"},"content":{"rendered":"","protected":false},"excerpt":{"rendered":"<div class=\"flex-shrink-0 flex flex-col relative items-end\">\n<div class=\"pt-0\">\n<div class=\"gizmo-bot-avatar flex h-8 w-8 items-center justify-center overflow-hidden rounded-full\">\n<div class=\"relative p-1 rounded-sm flex items-center justify-center bg-token-main-surface-primary text-token-text-primary h-8 w-8\">\n<p data-start=\"193\" data-end=\"717\">Die Prada Galleria in Schwarz z\u00e4hlt zu den ikonischsten Modellen des Hauses Prada und verbindet zeitlose Eleganz mit klarer Linienf\u00fchrung und raffinierter Funktionalit\u00e4t. Gefertigt aus dem charakteristischen Saffiano-Leder, \u00fcberzeugt die Tasche durch ihre feine Struktur, ihre au\u00dfergew\u00f6hnliche Robustheit und ihren dezenten, luxuri\u00f6sen Glanz. Der klassische Schwarztton macht die Galleria zu einem vielseitigen Begleiter, der sich m\u00fchelos von Business \u00fcber Alltag bis hin zu eleganten Abendlooks stylen l\u00e4sst. Ihr durchdachtes Design mit zwei gro\u00dfz\u00fcgigen Rei\u00dfverschlussf\u00e4chern, einem offenen Hauptfach und mehreren Innenf\u00e4chern bietet dir eine perfekte Organisation f\u00fcr deine t\u00e4glichen Essentials \u2013 von Smartphone und Geldb\u00f6rse bis hin zu kleineren Beautyartikeln. Die goldfarbenen Details setzen elegante Akzente und unterstreichen den exklusiven Charakter des Modells. Die Prada Galleria\u00a0l\u00e4sst sich dank ihrer strukturierten Form, den stabilen Henkeln und dem optionalen Schulterriemen bequem in der Hand, am Arm oder crossbody tragen. Damit vereint sie feminine Raffinesse mit praktischer Alltagstauglichkeit \u2013 eine stilvolle Wahl f\u00fcr Frauen, die Wert auf zeitlose Designklassik und hochwertige Verarbeitung legen.<\/p>\n<p class=\"\" data-start=\"665\" data-end=\"785\">\n<\/div>\n<\/div>\n<\/div>\n<\/div>\n","protected":false},"featured_media":74581,"template":"","meta":{"_uag_custom_page_level_css":"","site-sidebar-layout":"default","site-content-layout":"default","ast-site-content-layout":"default","site-content-style":"default","site-sidebar-style":"default","ast-global-header-display":"","ast-banner-title-visibility":"","ast-main-header-display":"","ast-hfb-above-header-display":"","ast-hfb-below-header-display":"","ast-hfb-mobile-header-display":"","site-post-title":"","ast-breadcrumbs-content":"","ast-featured-img":"","footer-sml-layout":"","ast-disable-related-posts":"","theme-transparent-header-meta":"default","adv-header-id-meta":"","stick-header-meta":"default","header-above-stick-meta":"","header-main-stick-meta":"","header-below-stick-meta":"","astra-migrate-meta-layouts":"set","ast-page-background-enabled":"default","ast-page-background-meta":{"desktop":{"background-color":"var(--ast-global-color-4)","background-image":"","background-repeat":"repeat","background-position":"center center","background-size":"auto","background-attachment":"scroll","background-type":"","background-media":"","overlay-type":"","overlay-color":"","overlay-opacity":"","overlay-gradient":""},"tablet":{"background-color":"","background-image":"","background-repeat":"repeat","background-position":"center center","background-size":"auto","background-attachment":"scroll","background-type":"","background-media":"","overlay-type":"","overlay-color":"","overlay-opacity":"","overlay-gradient":""},"mobile":{"background-color":"","background-image":"","background-repeat":"repeat","background-position":"center center","background-size":"auto","background-attachment":"scroll","background-type":"","background-media":"","overlay-type":"","overlay-color":"","overlay-opacity":"","overlay-gradient":""}},"ast-content-background-meta":{"desktop":{"background-color":"var(--ast-global-color-5)","background-image":"","background-repeat":"repeat","background-position":"center center","background-size":"auto","background-attachment":"scroll","background-type":"","background-media":"","overlay-type":"","overlay-color":"","overlay-opacity":"","overlay-gradient":""},"tablet":{"background-color":"var(--ast-global-color-5)","background-image":"","background-repeat":"repeat","background-position":"center center","background-size":"auto","background-attachment":"scroll","background-type":"","background-media":"","overlay-type":"","overlay-color":"","overlay-opacity":"","overlay-gradient":""},"mobile":{"background-color":"var(--ast-global-color-5)","background-image":"","background-repeat":"repeat","background-position":"center center","background-size":"auto","background-attachment":"scroll","background-type":"","background-media":"","overlay-type":"","overlay-color":"","overlay-opacity":"","overlay-gradient":""}},"_glsr_average":0,"_glsr_ranking":0,"_glsr_reviews":0},"product_brand":[1591],"product_cat":[208,1322,447,205,204],"product_tag":[1327,2076,2077],"class_list":{"0":"post-74579","1":"product","2":"type-product","3":"status-publish","4":"has-post-thumbnail","6":"product_brand-prada","7":"product_cat-handtaschen","8":"product_cat-prada","9":"product_cat-sale","10":"product_cat-tragetaschen","11":"product_cat-umhaengetaschen","12":"product_tag-prada","13":"product_tag-prada-galleria","14":"product_tag-prada-galleria-medium","15":"desktop-align-left","16":"tablet-align-left","17":"mobile-align-left","18":"ast-product-gallery-layout-first-image-large","19":"ast-magnify-disabled","20":"ast-product-tabs-layout-accordion","22":"first","23":"instock","24":"sale","25":"purchasable","26":"product-type-simple"},"spectra_custom_meta":{"copied_media_ids":["a:0:{}","a:0:{}"],"referenced_media_ids":["a:21:{i:0;i:74581;i:1;i:74595;i:2;i:74596;i:3;i:74584;i:4;i:74592;i:5;i:74600;i:6;i:74591;i:7;i:74602;i:8;i:74598;i:9;i:74585;i:10;i:74583;i:11;i:74588;i:12;i:74603;i:13;i:74594;i:14;i:74597;i:15;i:74601;i:16;i:74590;i:17;i:74589;i:18;i:74587;i:19;i:74586;i:20;i:74593;}","a:21:{i:0;i:74581;i:1;i:74595;i:2;i:74596;i:3;i:74584;i:4;i:74592;i:5;i:74600;i:6;i:74591;i:7;i:74602;i:8;i:74598;i:9;i:74585;i:10;i:74583;i:11;i:74588;i:12;i:74603;i:13;i:74594;i:14;i:74597;i:15;i:74601;i:16;i:74590;i:17;i:74589;i:18;i:74587;i:19;i:74586;i:20;i:74593;}"],"_regular_price":["980"],"total_sales":["0"],"_tax_status":["none"],"_tax_class":[""],"_manage_stock":["yes"],"_backorders":["no"],"_sold_individually":["no"],"_crosssell_ids":["a:1:{i:0;i:23129;}"],"_virtual":["no"],"_downloadable":["no"],"_product_image_gallery":["74595,74596,74584,74592,74600,74591,74602,74598,74585,74583,74588,74603,74594,74597,74601,74590,74589,74587,74586,74593"],"_download_limit":["-1"],"_download_expiry":["-1"],"_thumbnail_id":["74581"],"_stock":["1"],"_stock_status":["instock"],"_wc_average_rating":[0],"_wc_review_count":["0"],"_product_attributes":["a:3:{s:8:\"pa_brand\";a:7:{s:4:\"name\";s:8:\"pa_brand\";s:5:\"value\";s:0:\"\";s:8:\"position\";i:0;s:10:\"is_visible\";i:0;s:12:\"is_variation\";i:1;s:11:\"is_taxonomy\";i:1;s:16:\"checkout_visible\";i:0;}s:8:\"pa_color\";a:7:{s:4:\"name\";s:8:\"pa_color\";s:5:\"value\";s:0:\"\";s:8:\"position\";i:1;s:10:\"is_visible\";i:0;s:12:\"is_variation\";i:1;s:11:\"is_taxonomy\";i:1;s:16:\"checkout_visible\";i:0;}s:9:\"pa_gender\";a:7:{s:4:\"name\";s:9:\"pa_gender\";s:5:\"value\";s:0:\"\";s:8:\"position\";i:2;s:10:\"is_visible\";i:0;s:12:\"is_variation\";i:1;s:11:\"is_taxonomy\";i:1;s:16:\"checkout_visible\";i:0;}}"],"_product_version":["10.7.0"],"_price":["880"],"_not_in_inventory_checkbox":["yes","yes","yes","yes"],"_wpml_media_featured":["1","1","1","1"],"_wpml_media_duplicate":["1","1","1","1"],"_wpml_word_count":["219"],"_wpml_location_migration_done":["1"],"_fusion":["a:3:{s:17:\"slider_visibility\";s:51:\"small-visibility,medium-visibility,large-visibility\";s:11:\"slider_type\";s:2:\"no\";s:9:\"wooslider\";s:1:\"0\";}"],"rank_math_seo_score":["83"],"rank_math_focus_keyword":["Prada"],"_purchase_price_field":["600"],"_internal_warehouse_number_field":["P6-1098-K"],"_unit":[""],"_unit_base":[""],"_unit_product":[""],"_unit_price_auto":["no"],"_unit_price_regular":[""],"_unit_price":[""],"_unit_price_sale":[""],"_sale_price_label":[""],"_sale_price_regular_label":[""],"_mini_desc":["Prada Galleria"],"_defect_description":[""],"_allergen_ids":["a:0:{}"],"_warranty_attachment_id":[""],"_min_age":[""],"_ts_gtin":[""],"_ts_mpn":[""],"_delivery_time_countries":["a:0:{}"],"_free_shipping":["no"],"_service":["no"],"_photovoltaic_system":["no"],"_used_good":["yes"],"_defective_copy":["no"],"_is_food":["no"],"_differential_taxation":["yes"],"_gzd_version":["4.0.3"],"_hs_code":[""],"_manufacture_country":[""],"_rank_math_gtin_code":[""],"_fusion_google_fonts":[""],"fusion_builder_status":["active"],"rank_math_primary_product_cat":["0"],"_wcml_custom_prices_status":["0"],"avada_post_views_count":["50"],"avada_today_post_views_count":["3"],"avada_post_views_count_today_date":["12-04-2023"],"yikes_woo_products_tabs":["a:2:{i:0;a:3:{s:5:\"title\";s:21:\"Weitere Informationen\";s:2:\"id\";s:21:\"weitere-informationen\";s:7:\"content\";s:377:\"<strong>Material au\u00dfen: <\/strong>Saffiano Leder in der Farbe Schwarz\r\n<strong>Material innen: <\/strong>Textilinnenfutter und Leder\r\n<strong>Ma\u00dfe: <\/strong>(B) 34 \u00d7 (H) 24 \u00d7 (T) 14 cm\r\n<strong>L\u00e4nge Schulteriemen: <\/strong>107 bis 117 cm\r\n<strong>Lieferumfang:<\/strong> Prada Box, Staubbeutel, Schulterriemen, abnehmbarer Schl\u00fcsselring, ID Karte und Kopie der Kaufrechnung\";}i:1;a:3:{s:5:\"title\";s:7:\"Zustand\";s:2:\"id\";s:7:\"zustand\";s:7:\"content\";s:280:\"<strong>Gesamtzustand: <\/strong>Sehr gut bis neuwertig\r\n<strong>Leder: <\/strong>Intakt mit vereinzelt minimalen Gebrauchsspuren\r\n<strong>Rei\u00dfverschl\u00fcsse: <\/strong>Schlie\u00dfen gut\r\n<strong>Hardware: <\/strong>Leichte Gebrauchsspuren\r\n<strong>Innenraum: <\/strong>Sauber und gepflegt\";}}"],"_deposit_type":[""],"_nutrient_ids":["a:0:{}"],"_nutrient_reference_value":["100g"],"_ingredients":[""],"_nutri_score":[""],"_alcohol_content":[""],"_drained_weight":[""],"_net_filling_quantity":[""],"_food_distributor":[""],"_food_description":[""],"_food_place_of_origin":[""],"_deposit_quantity":[""],"site-sidebar-layout":["default"],"site-content-layout":["default"],"theme-transparent-header-meta":["default"],"stick-header-meta":["default"],"_default_delivery_time":[""],"rank_math_robots":["a:1:{i:0;s:5:\"index\";}"],"_pys_conversion_label_settings":["a:3:{s:6:\"enable\";b:0;s:5:\"label\";s:0:\"\";s:2:\"id\";s:14:\"AW-11184563350\";}"],"_pys_super_pack_cpt_url":[""],"_pys_super_pack_cpt_condition":["only"],"_pys_super_pack_cpt_cart":["hidden"],"_woosea_brand":[""],"_woosea_mpn":[""],"_woosea_upc":[""],"_woosea_ean":[""],"_woosea_gtin":[""],"_woosea_color":[""],"_woosea_size":[""],"_woosea_gender":[""],"_woosea_material":[""],"_woosea_pattern":[""],"_woosea_optimized_title":[""],"_woosea_unit_pricing_measure":[""],"_woosea_unit_pricing_base_measure":[""],"_woosea_condition":[""],"_woosea_age_group":["adult"],"_woosea_installment_months":[""],"_woosea_installment_amount":[""],"_woosea_exclude_product":["no"],"_woosea_cost_of_good_sold":[""],"_woosea_multipack":[""],"_woosea_is_bundle":[""],"_woosea_energy_efficiency_class":[""],"_woosea_min_energy_efficiency_class":[""],"_woosea_max_energy_efficiency_class":[""],"_woosea_is_promotion":[""],"_woosea_custom_field_0":[""],"_woosea_custom_field_1":[""],"_woosea_custom_field_2":[""],"_woosea_custom_field_3":[""],"_woosea_custom_field_4":[""],"_pys_head_footer":["a:7:{s:14:\"disable_global\";b:0;s:8:\"head_any\";s:0:\"\";s:12:\"head_desktop\";s:0:\"\";s:11:\"head_mobile\";s:0:\"\";s:10:\"footer_any\";s:0:\"\";s:14:\"footer_desktop\";s:0:\"\";s:13:\"footer_mobile\";s:0:\"\";}"],"litespeed_vpi_list":["a:2:{i:0;s:8:\"logo.png\";i:1;s:60:\"Chanel-Woc-Caviar-schwarz-kette-2023-0082-scaled-500x500.jpg\";}"],"_customs_description":[""],"_wp_old_date":["2023-04-07","2023-06-01","2023-08-29","2023-08-31","2023-12-28","2024-02-23","2024-03-13","2024-04-01","2024-04-05","2024-09-05","2024-10-05","2024-12-04"],"_is_non_returnable":["no"],"_wpml_media_has_media":["1"],"ast-site-content-layout":["default"],"site-content-style":["default"],"site-sidebar-style":["default"],"litespeed_vpi_list_mobile":["a:2:{i:0;s:8:\"logo.png\";i:1;s:78:\"Chanel-Timeless-Flap-Bag-Medium-Vorderseite-3-2023-0338.JPG-scaled-500x500.jpg\";}"],"_internal_date_code":["Nicht vorhanden"],"_internal_product_origin":["Italien"],"_product_rating":["N"],"rank_math_schema_WooCommerceProduct":["a:2:{s:5:\"@type\";s:18:\"WooCommerceProduct\";s:8:\"metadata\";a:4:{s:5:\"title\";s:19:\"WooCommerce Product\";s:4:\"type\";s:8:\"template\";s:9:\"shortcode\";s:15:\"s-655c68c138ffc\";s:9:\"isPrimary\";s:1:\"1\";}}"],"rank_math_shortcode_schema_s-655c68c138ffc":["363648"],"rank_math_rich_snippet":["off"],"_custom_html_content":[""],"_show_in_inventory_checkbox":[""],"_wpml_post_translation_editor_native":["no"],"_customer_view":["3"],"_custom_view_last_updated":["2026-04-28 07:21:07"],"_shipping_length":[""],"_shipping_width":[""],"_shipping_height":[""],"_zettle_product_cat_id":[""],"_product_shipping_weight":["1kg"],"_product_available_from_field":["2026-01-23T19:00"],"_manufacturer_slug":["prada-s-p-a"],"_safety_attachment_ids":["a:0:{}"],"_nickx_video_text_url":["a:1:{i:0;s:0:\"\";}"],"_nickx_product_video_type":["a:1:{i:0;s:23:\"nickx_video_url_youtube\";}"],"_nickx_product_video_thumb_ids":["a:1:{i:0;s:0:\"\";}"],"_safety_instructions":[""],"similar_product_key":["1741198776"],"_wireless_electronic_device":["no"],"_device_contains_power_supply":["no"],"_device_charging_supports_usb_pd":["no"],"_device_charging_watt_min":["0"],"_device_charging_watt_max":["0"],"rank_math_primary_product_brand":["1591"],"_product_reserve_till_field":[""],"woocommerce_izettle_product_uuid":["748200f4-0fa9-11f0-a98b-353536383939"],"woocommerce_izettle_variant_uuid":["d43d9c0a-0ef1-11f0-9d0d-353536383939"],"_izettle_updated":["1751266344"],"_izettle_barcode":[""],"_izettle_nosync":[""],"_izettle_cost_price":[""],"_izettle_special_price":[""],"_izettle_product_name":[""],"_izettle_image_lookup_key":["3kyncy1cEe-udXp3qLWasA-oWWOj0bBEfCEmxr0hoKg0A"],"_izettle_product_etag":["65555C3652AFB8943132E0B73E4E32CB"],"sib_push_meta_box_present":["1"],"sib_push_send_notification":["0"],"sib_push_target_segment_ids":["@ALL"],"_ame_cpe_post_policy":["{\"accessProtection\":{\"active\":\"replace\"}}"],"_sku":["P6-1098-K"],"_edit_lock":["1776767418:4"],"_edit_last":["4"],"sib_push_send_notification_delay_seconds":["0"],"_entrupy_echtheitszertifikat":["yes"],"_is_non_alcoholic":["no"],"_mid_code":[""],"_ship_separately_via":[""],"_shipping_weight":[""],"_gdrive_field":["https:\/\/drive.google.com\/drive\/u\/1\/folders\/1K6zieNiexQfp661E0PeXH31k54iee0t8"],"rank_math_analytic_object_id":["53"],"rank_math_internal_links_processed":["1"],"_sale_price":["880"],"_sale_price_dates_to":["1778536799"],"_wcml_average_rating":[null],"_wcml_review_count":[null],"_wcml_rating_count":[null],"_custom_thumbnail":["a:1:{i:0;s:2:\"no\";}"],"_video_schema":["a:1:{i:0;s:2:\"no\";}"],"_nickx_video_upload_date":["a:1:{i:0;s:0:\"\";}"],"_nickx_video_name":["a:1:{i:0;s:0:\"\";}"],"_nickx_video_description":["a:1:{i:0;s:0:\"\";}"],"astra-migrate-meta-layouts":["set"],"_uag_page_assets":["a:9:{s:3:\"css\";s:0:\"\";s:2:\"js\";s:0:\"\";s:18:\"current_block_list\";a:6:{i:0;s:26:\"woocommerce\/filter-wrapper\";i:1;s:24:\"woocommerce\/price-filter\";i:2;s:30:\"woocommerce\/product-categories\";i:3;s:14:\"core\/paragraph\";i:4;s:14:\"core\/shortcode\";i:5;s:11:\"core\/search\";}s:8:\"uag_flag\";b:0;s:11:\"uag_version\";s:10:\"1777383712\";s:6:\"gfonts\";a:0:{}s:10:\"gfonts_url\";s:0:\"\";s:12:\"gfonts_files\";a:0:{}s:14:\"uag_faq_layout\";b:0;}"],"_wc_rating_count":[""]},"uagb_featured_image_src":{"full":["https:\/\/ilovehandbags.com\/wp-content\/uploads\/sites\/3\/Prada-Galleria-1098-23.jpg",2048,1536,false],"thumbnail":["https:\/\/ilovehandbags.com\/wp-content\/uploads\/sites\/3\/Prada-Galleria-1098-23-150x150.jpg",150,150,true],"medium":["https:\/\/ilovehandbags.com\/wp-content\/uploads\/sites\/3\/Prada-Galleria-1098-23-300x300.jpg",300,300,true],"medium_large":["https:\/\/ilovehandbags.com\/wp-content\/uploads\/sites\/3\/Prada-Galleria-1098-23-768x768.jpg",768,768,true],"large":["https:\/\/ilovehandbags.com\/wp-content\/uploads\/sites\/3\/Prada-Galleria-1098-23-1024x1024.jpg",1024,1024,true],"1536x1536":["https:\/\/ilovehandbags.com\/wp-content\/uploads\/sites\/3\/Prada-Galleria-1098-23.jpg",1536,1152,false],"2048x2048":["https:\/\/ilovehandbags.com\/wp-content\/uploads\/sites\/3\/Prada-Galleria-1098-23.jpg",2048,1536,false],"woocommerce_thumbnail":["https:\/\/ilovehandbags.com\/wp-content\/uploads\/sites\/3\/Prada-Galleria-1098-23-500x500.jpg",500,500,true],"woocommerce_single":["https:\/\/ilovehandbags.com\/wp-content\/uploads\/sites\/3\/Prada-Galleria-1098-23-500x500.jpg",500,500,true],"woocommerce_gallery_thumbnail":["https:\/\/ilovehandbags.com\/wp-content\/uploads\/sites\/3\/Prada-Galleria-1098-23-100x100.jpg",100,100,true]},"uagb_author_info":{"display_name":"ILoveHandbags","author_link":"https:\/\/ilovehandbags.com\/de\/author\/"},"uagb_comment_info":0,"uagb_excerpt":"Die Prada Galleria in Schwarz z\u00e4hlt zu den ikonischsten Modellen des Hauses Prada und verbindet zeitlose Eleganz mit klarer Linienf\u00fchrung und raffinierter Funktionalit\u00e4t. Gefertigt aus dem charakteristischen Saffiano-Leder, \u00fcberzeugt die Tasche durch ihre feine Struktur, ihre au\u00dfergew\u00f6hnliche Robustheit und ihren dezenten, luxuri\u00f6sen Glanz. Der klassische Schwarztton macht die Galleria zu einem vielseitigen Begleiter, der sich&hellip;","_links":{"self":[{"href":"https:\/\/ilovehandbags.com\/de\/wp-json\/wp\/v2\/product\/74579","targetHints":{"allow":["GET"]}}],"collection":[{"href":"https:\/\/ilovehandbags.com\/de\/wp-json\/wp\/v2\/product"}],"about":[{"href":"https:\/\/ilovehandbags.com\/de\/wp-json\/wp\/v2\/types\/product"}],"wp:featuredmedia":[{"embeddable":true,"href":"https:\/\/ilovehandbags.com\/de\/wp-json\/wp\/v2\/media\/74581"}],"wp:attachment":[{"href":"https:\/\/ilovehandbags.com\/de\/wp-json\/wp\/v2\/media?parent=74579"}],"wp:term":[{"taxonomy":"product_brand","embeddable":true,"href":"https:\/\/ilovehandbags.com\/de\/wp-json\/wp\/v2\/product_brand?post=74579"},{"taxonomy":"product_cat","embeddable":true,"href":"https:\/\/ilovehandbags.com\/de\/wp-json\/wp\/v2\/product_cat?post=74579"},{"taxonomy":"product_tag","embeddable":true,"href":"https:\/\/ilovehandbags.com\/de\/wp-json\/wp\/v2\/product_tag?post=74579"}],"curies":[{"name":"wp","href":"https:\/\/api.w.org\/{rel}","templated":true}]}}